{"id":373,"date":"2025-07-04T16:07:01","date_gmt":"2025-07-04T14:07:01","guid":{"rendered":"https:\/\/www.mutge-arquitecte.com\/politica-de-privacidad\/"},"modified":"2025-07-04T16:27:13","modified_gmt":"2025-07-04T14:27:13","slug":"politica-de-privacidad","status":"publish","type":"page","link":"https:\/\/www.mutge-arquitecte.com\/es\/politica-de-privacidad\/","title":{"rendered":"Pol\u00edtica de privacidad"},"content":{"rendered":"\n<p class=\"wp-block-paragraph\"><strong>\u00daltima actualizaci\u00f3n el 16 de junio de 2025<br\/>Fecha de vigencia 16 de junio de 2025<\/strong><\/p>\n\n<p class=\"wp-block-paragraph\">Esta Pol\u00edtica de Privacidad describe las pol\u00edticas de Mutge Arquitectes, correo electr\u00f3nico: administracio@mutge-arquitecte.com, tel\u00e9fono: +34935702774 sobre la recopilaci\u00f3n, uso y divulgaci\u00f3n de la informaci\u00f3n que recopilamos cuando utiliza nuestro sitio web. (<a href=\"https:\/\/www.mutge-arquitecte.com\/es\/\">https:\/\/www.mutge-arquitecte.com\/<\/a>). (el servicio\u00bb). Al acceder o utilizar el Servicio, usted acepta la recopilaci\u00f3n, uso y divulgaci\u00f3n de su informaci\u00f3n de acuerdo con esta Pol\u00edtica de Privacidad. Si no acepta lo mismo, no acceda ni utilice el Servicio.<br\/>Podemos modificar esta Pol\u00edtica de Privacidad en cualquier momento sin previo aviso y publicaremos la Pol\u00edtica de Privacidad revisada en el Servicio. La Pol\u00edtica revisada entrar\u00e1 en vigencia 180 d\u00edas a partir de la fecha en que se publique en el Servicio y su acceso o uso continuo del Servicio despu\u00e9s de ese tiempo constituir\u00e1 su aceptaci\u00f3n de la Pol\u00edtica de privacidad revisada. Por eso le recomendamos que revise peri\u00f3dicamente esta p\u00e1gina.<\/p>\n\n<p class=\"wp-block-paragraph\"><strong>Informaci\u00f3n que recopilamos:<\/strong><br\/>Recopilaremos y procesaremos la siguiente informaci\u00f3n personal sobre usted:<\/p>\n\n<p class=\"wp-block-paragraph\">Nombre<br\/>Correo electr\u00f3nico<br\/>M\u00f3vil<\/p>\n\n<p class=\"wp-block-paragraph\"><strong>C\u00f3mo utilizamos su informaci\u00f3n:<\/strong><br\/>Utilizaremos la informaci\u00f3n que recopilamos sobre usted para las siguientes finalidades:<\/p>\n\n<p class=\"wp-block-paragraph\"><strong>informaci\u00f3n de administraci\u00f3n<br\/>Gestionar el pedido del cliente<\/strong><br\/>Si queremos utilizar su informaci\u00f3n para cualquier otro prop\u00f3sito, le pediremos su consentimiento y utilizaremos su informaci\u00f3n s\u00f3lo al recibir su consentimiento y despu\u00e9s, s\u00f3lo para los fines para los que otorgamos el consentimiento, salvo que estemos obligados a hacer lo contrario por ley.<\/p>\n\n<p class=\"wp-block-paragraph\"><strong>Retenci\u00f3n de su informaci\u00f3n:<\/strong><br\/>Conservaremos su informaci\u00f3n personal con nosotros durante 90 d\u00edas a 2 a\u00f1os despu\u00e9s de que los usuarios cancelen sus cuentas o durante el tiempo que la necesitamos para cumplir los prop\u00f3sitos para los que fue recopilada, como se detalla en esta Pol\u00edtica de Privacidad. Es posible que necesitemos conservar cierta informaci\u00f3n durante per\u00edodos m\u00e1s largos, como el mantenimiento de registros\/informes de acuerdo con la ley aplicable o por otras razones leg\u00edtimas como el cumplimiento de derechos legales, prevenci\u00f3n de fraude, etc. Informaci\u00f3n an\u00f3nima residual e informaci\u00f3n agregada, ninguna de las cuales lo identifica. (directa o indirectamente), se pueden almacenar indefinidamente.<\/p>\n\n<p class=\"wp-block-paragraph\"><strong>Tus derechos:<\/strong><br\/>Dependiendo de la ley que se aplique, puede tener derecho a acceder y rectificar o borrar sus datos personales o recibir una copia de sus datos personales, restringir u oponerse al procesamiento activo de sus datos, solicitarnos que compartimos (llevamos) sus datos personales. informaci\u00f3n a otra entidad, retirar cualquier consentimiento que nos haya brindado para procesar sus datos, el derecho a presentar una queja frente a una autoridad legal y otros derechos que puedan ser relevantes seg\u00fan las leyes aplicables. Para ejercer estos derechos, puede escribir a administracio@mutge-arquitecte.com. Responderemos su solicitud de acuerdo con la ley aplicable.<br\/>Tenga en cuenta que si no nos permite recopilar o procesar la informaci\u00f3n personal requerida o retirar el consentimiento para procesarla para los fines requeridos, es posible que no pueda acceder ni utilizar los servicios para los que se busc\u00f3 su informaci\u00f3n.<\/p>\n\n<p class=\"wp-block-paragraph\"><strong>Cookies<\/strong><br\/>Para obtener m\u00e1s informaci\u00f3n sobre c\u00f3mo las utilizamos y las opciones en relaci\u00f3n con estas tecnolog\u00edas de seguimiento, consulte nuestra <a href=\"https:\/\/www.mutge-arquitecte.com\/es\/politica-de-cookies\/\">Pol\u00edtica de cookies.<\/a><\/p>\n\n<p class=\"wp-block-paragraph\"><strong>Seguridad:<\/strong><br\/>La seguridad de su informaci\u00f3n es importante para nosotros y utilizaremos medidas de seguridad razonables para evitar la p\u00e9rdida, el uso indebido o la alteraci\u00f3n no autorizada de su informaci\u00f3n bajo nuestro control. Sin embargo, dados los riesgos inherentes, no podemos garantizar una seguridad absoluta y, en consecuencia, no podemos asegurar ni garantizar la seguridad de la informaci\u00f3n que nos transmite y lo hace bajo su propio riesgo.<\/p>\n\n<p class=\"wp-block-paragraph\"><strong>Delegado de Quejas\/Protecci\u00f3n de Datos:<\/strong><br\/>Si tiene alguna consulta o inquietud sobre el procesamiento de su informaci\u00f3n que est\u00e1 disponible con nosotros, puede enviar un correo electr\u00f3nico a nuestro Oficial de quejas a Mutge Arquitectes, correo electr\u00f3nico: administracio@mutge-arquitecte.com Atenderemos sus inquietudes de acuerdo con la ley aplicable.<\/p>\n","protected":false},"excerpt":{"rendered":"<p>\u00daltima actualizaci\u00f3n el 16 de junio de 2025Fecha de vigencia 16 de junio de 2025 Esta Pol\u00edtica de Privacidad describe las pol\u00edticas de Mutge Arquitectes, correo<span class=\"excerpt-hellip\"> [\u2026]<\/span><\/p>\n","protected":false},"author":1,"featured_media":0,"parent":0,"menu_order":0,"comment_status":"closed","ping_status":"closed","template":"","meta":{"footnotes":""},"class_list":["post-373","page","type-page","status-publish","hentry"],"_links":{"self":[{"href":"https:\/\/www.mutge-arquitecte.com\/es\/wp-json\/wp\/v2\/pages\/373","targetHints":{"allow":["GET"]}}],"collection":[{"href":"https:\/\/www.mutge-arquitecte.com\/es\/wp-json\/wp\/v2\/pages"}],"about":[{"href":"https:\/\/www.mutge-arquitecte.com\/es\/wp-json\/wp\/v2\/types\/page"}],"author":[{"embeddable":true,"href":"https:\/\/www.mutge-arquitecte.com\/es\/wp-json\/wp\/v2\/users\/1"}],"replies":[{"embeddable":true,"href":"https:\/\/www.mutge-arquitecte.com\/es\/wp-json\/wp\/v2\/comments?post=373"}],"version-history":[{"count":3,"href":"https:\/\/www.mutge-arquitecte.com\/es\/wp-json\/wp\/v2\/pages\/373\/revisions"}],"predecessor-version":[{"id":378,"href":"https:\/\/www.mutge-arquitecte.com\/es\/wp-json\/wp\/v2\/pages\/373\/revisions\/378"}],"wp:attachment":[{"href":"https:\/\/www.mutge-arquitecte.com\/es\/wp-json\/wp\/v2\/media?parent=373"}],"curies":[{"name":"wp","href":"https:\/\/api.w.org\/{rel}","templated":true}]}}